{"id":148,"date":"2016-12-23T15:52:06","date_gmt":"2016-12-23T14:52:06","guid":{"rendered":"http:\/\/WWW.derivesdansleglisecatholique.fr\/?page_id=148"},"modified":"2017-01-05T21:03:22","modified_gmt":"2017-01-05T20:03:22","slug":"legislation","status":"publish","type":"page","link":"http:\/\/WWW.derivesdansleglisecatholique.fr\/?page_id=148","title":{"rendered":"L\u00e9gislation"},"content":{"rendered":"<p style=\"padding-left: 30px;\"><span style=\"color: #ffcc99;\">.<\/span><\/p>\n<p style=\"padding-left: 30px;\"><span style=\"font-size: 12pt; font-family: times new roman,times,serif;\">Le Droit commun fran\u00e7ais qui s\u2019inspire des Droits de l\u2019Homme est constitu\u00e9 par le respect de l\u2019individu et celui d\u2019autrui dans leur personne et dans leurs biens.<\/span><\/p>\n<p style=\"padding-left: 30px;\"><span style=\"color: #ffcc99; font-size: 12pt; font-family: times new roman,times,serif;\">.<\/span><\/p>\n<p style=\"padding-left: 30px;\"><span style=\"font-size: 12pt; font-family: times new roman,times,serif;\">L\u2019article 16 du Code civil qui doit \u00eatre consid\u00e9r\u00e9 comme un principe g\u00e9n\u00e9ral du Droit dispose\u00a0: \u00ab\u00a0la loi assure la primaut\u00e9 de la personne, interdit toute atteinte \u00e0 la dignit\u00e9 de celle-ci et garantit le respect de l\u2019\u00eatre humain d\u00e8s le commencement de la vie.\u00a0\u00bb<\/span><\/p>\n<p style=\"padding-left: 30px;\"><span style=\"color: #ffcc99; font-size: 12pt; font-family: times new roman,times,serif;\">.<\/span><\/p>\n<p style=\"padding-left: 30px;\"><span style=\"font-size: 12pt; font-family: times new roman,times,serif;\">Notre droit positif vise et sanctionne exclusivement les comportements ill\u00e9gaux des chefs et encadrants qualifi\u00e9s de d\u00e9rives sectaires.<\/span><\/p>\n<p style=\"padding-left: 30px;\"><span style=\"color: #ffcc99; font-size: 12pt; font-family: times new roman,times,serif;\">.<\/span><\/p>\n<p style=\"padding-left: 30px;\"><span style=\"font-size: 12pt; font-family: times new roman,times,serif;\">L\u2019autorit\u00e9 parentale qui permet aux parents de d\u00e9cider des orientations de vie de leur enfant constitue souvent le vecteur par lequel s\u2019effectue dans les mouvements sectaires l\u2019embrigadement des mineurs et ce en violation des articles 371-2 du Code civil, 227-17 du Code p\u00e9nal, 14 de la Convention internationale des droits de l\u2019enfant.<\/span><\/p>\n<p style=\"padding-left: 30px;\"><span style=\"color: #ffcc99; font-size: 12pt; font-family: times new roman,times,serif;\">.<\/span><\/p>\n<p style=\"padding-left: 30px;\"><span style=\"font-size: 12pt; font-family: times new roman,times,serif;\">En raison des difficult\u00e9s rencontr\u00e9es par la cr\u00e9ation du d\u00e9lit de manipulation mentale r\u00e9clam\u00e9 par les associations de lutte contre les sectes, le l\u00e9gislateur fran\u00e7ais a pr\u00e9f\u00e9r\u00e9 utiliser une infraction pr\u00e9existante. C\u2019est ainsi que la loi du 12 juin 2001 dite \u00ab\u00a0loi About-Picard\u00a0\u00bb du nom de ses promoteurs, a transf\u00e9r\u00e9 en l\u2019\u00e9largissant le d\u00e9lit d\u2019abus de faiblesse situ\u00e9 dans le Livre III du Code p\u00e9nal consacr\u00e9 aux crimes et d\u00e9lits contre les biens, dans le Livre II du m\u00eame code consacr\u00e9 aux crimes et d\u00e9lits contre les personnes.<\/span><\/p>\n<p style=\"padding-left: 30px;\"><span style=\"color: #ffcc99; font-size: 12pt; font-family: times new roman,times,serif;\">.<\/span><\/p>\n<p style=\"padding-left: 30px;\"><span style=\"font-size: 12pt; font-family: times new roman,times,serif;\">Aux termes de l\u2019article 223-15-2 du Code p\u00e9nal sont prot\u00e9g\u00e9s d\u2019abord le mineur ou la personne d\u2019une particuli\u00e8re vuln\u00e9rabilit\u00e9 due \u00e0 son \u00e2ge, \u00e0 une maladie, \u00e0 une infirmit\u00e9, \u00e0 une d\u00e9ficience physique ou psychique ou \u00e0 un \u00e9tat de grossesse\u00a0; ensuite, la personne en \u00e9t\u00e9 de suj\u00e9tion psychologique ou physique, r\u00e9sultant de l\u2019exercice de pressions graves ou r\u00e9it\u00e9r\u00e9es ou de techniques propres \u00e0 alt\u00e9rer son jugement, ce qui vise plus sp\u00e9cialement les adeptes des mouvements sectaires.<\/span><\/p>\n<p style=\"padding-left: 30px;\"><span style=\"color: #ffcc99; font-size: 12pt; font-family: times new roman,times,serif;\">.<\/span><\/p>\n<p style=\"padding-left: 30px;\"><span style=\"font-size: 12pt; font-family: times new roman,times,serif;\">Sont ainsi consid\u00e9r\u00e9s comme des actes gravement pr\u00e9judiciables pour la personne les pressions exerc\u00e9es sur elle par des organisations sectaires pour l\u2019inciter \u00e0 rompre avec sa famille, sa profession ou son environnement social.<\/span><\/p>\n<p style=\"padding-left: 30px;\"><span style=\"color: #ffcc99;\">.<\/span><\/p>\n","protected":false},"excerpt":{"rendered":"<p>. Le Droit commun fran\u00e7ais qui s\u2019inspire des Droits de l\u2019Homme est constitu\u00e9 par le respect de l\u2019individu et celui d\u2019autrui dans leur personne et dans leurs biens. . L\u2019article 16 du Code civil qui doit \u00eatre consid\u00e9r\u00e9 comme un principe g\u00e9n\u00e9ral du Droit dispose\u00a0: \u00ab\u00a0la loi assure la primaut\u00e9 de la personne, interdit toute <span class=\"ellipsis\">&hellip;<\/span> <span class=\"more-link-wrap\"><a href=\"http:\/\/WWW.derivesdansleglisecatholique.fr\/?page_id=148\" class=\"more-link\"><span>Read More &rarr;<\/span><\/a><\/span><\/p>\n","protected":false},"author":2,"featured_media":0,"parent":0,"menu_order":0,"comment_status":"closed","ping_status":"closed","template":"","meta":{"footnotes":""},"class_list":["post-148","page","type-page","status-publish","hentry"],"yoast_head":"<!-- This site is optimized with the Yoast SEO plugin v27.4 - https:\/\/yoast.com\/product\/yoast-seo-wordpress\/ -->\n<title>L\u00e9gislation - D\u00e9rives dans l&#039;eglise catholique<\/title>\n<meta name=\"robots\" content=\"index, follow, max-snippet:-1, max-image-preview:large, max-video-preview:-1\" \/>\n<link rel=\"canonical\" href=\"http:\/\/WWW.derivesdansleglisecatholique.fr\/?page_id=148\" \/>\n<meta property=\"og:locale\" content=\"fr_FR\" \/>\n<meta property=\"og:type\" content=\"article\" \/>\n<meta property=\"og:title\" content=\"L\u00e9gislation - D\u00e9rives dans l&#039;eglise catholique\" \/>\n<meta property=\"og:description\" content=\". Le Droit commun fran\u00e7ais qui s\u2019inspire des Droits de l\u2019Homme est constitu\u00e9 par le respect de l\u2019individu et celui d\u2019autrui dans leur personne et dans leurs biens. . L\u2019article 16 du Code civil qui doit \u00eatre consid\u00e9r\u00e9 comme un principe g\u00e9n\u00e9ral du Droit dispose\u00a0: \u00ab\u00a0la loi assure la primaut\u00e9 de la personne, interdit toute &hellip; Read More &rarr;\" \/>\n<meta property=\"og:url\" content=\"http:\/\/WWW.derivesdansleglisecatholique.fr\/?page_id=148\" \/>\n<meta property=\"og:site_name\" content=\"D\u00e9rives dans l&#039;eglise catholique\" \/>\n<meta property=\"article:modified_time\" content=\"2017-01-05T20:03:22+00:00\" \/>\n<meta name=\"twitter:label1\" content=\"Dur\u00e9e de lecture estim\u00e9e\" \/>\n\t<meta name=\"twitter:data1\" content=\"2 minutes\" \/>\n<script type=\"application\/ld+json\" class=\"yoast-schema-graph\">{\"@context\":\"https:\\\/\\\/schema.org\",\"@graph\":[{\"@type\":\"WebPage\",\"@id\":\"http:\\\/\\\/WWW.derivesdansleglisecatholique.fr\\\/?page_id=148\",\"url\":\"http:\\\/\\\/WWW.derivesdansleglisecatholique.fr\\\/?page_id=148\",\"name\":\"L\u00e9gislation - D\u00e9rives dans l&#039;eglise catholique\",\"isPartOf\":{\"@id\":\"https:\\\/\\\/WWW.derivesdansleglisecatholique.fr\\\/#website\"},\"datePublished\":\"2016-12-23T14:52:06+00:00\",\"dateModified\":\"2017-01-05T20:03:22+00:00\",\"breadcrumb\":{\"@id\":\"http:\\\/\\\/WWW.derivesdansleglisecatholique.fr\\\/?page_id=148#breadcrumb\"},\"inLanguage\":\"fr-FR\",\"potentialAction\":[{\"@type\":\"ReadAction\",\"target\":[\"http:\\\/\\\/WWW.derivesdansleglisecatholique.fr\\\/?page_id=148\"]}]},{\"@type\":\"BreadcrumbList\",\"@id\":\"http:\\\/\\\/WWW.derivesdansleglisecatholique.fr\\\/?page_id=148#breadcrumb\",\"itemListElement\":[{\"@type\":\"ListItem\",\"position\":1,\"name\":\"Accueil\",\"item\":\"https:\\\/\\\/WWW.derivesdansleglisecatholique.fr\\\/\"},{\"@type\":\"ListItem\",\"position\":2,\"name\":\"L\u00e9gislation\"}]},{\"@type\":\"WebSite\",\"@id\":\"https:\\\/\\\/WWW.derivesdansleglisecatholique.fr\\\/#website\",\"url\":\"https:\\\/\\\/WWW.derivesdansleglisecatholique.fr\\\/\",\"name\":\"D\u00e9rives dans l&#039;eglise catholique\",\"description\":\"Justice et V\u00e9rit\u00e9 pour les familles\",\"potentialAction\":[{\"@type\":\"SearchAction\",\"target\":{\"@type\":\"EntryPoint\",\"urlTemplate\":\"https:\\\/\\\/WWW.derivesdansleglisecatholique.fr\\\/?s={search_term_string}\"},\"query-input\":{\"@type\":\"PropertyValueSpecification\",\"valueRequired\":true,\"valueName\":\"search_term_string\"}}],\"inLanguage\":\"fr-FR\"}]}<\/script>\n<!-- \/ Yoast SEO plugin. -->","yoast_head_json":{"title":"L\u00e9gislation - D\u00e9rives dans l&#039;eglise catholique","robots":{"index":"index","follow":"follow","max-snippet":"max-snippet:-1","max-image-preview":"max-image-preview:large","max-video-preview":"max-video-preview:-1"},"canonical":"http:\/\/WWW.derivesdansleglisecatholique.fr\/?page_id=148","og_locale":"fr_FR","og_type":"article","og_title":"L\u00e9gislation - D\u00e9rives dans l&#039;eglise catholique","og_description":". Le Droit commun fran\u00e7ais qui s\u2019inspire des Droits de l\u2019Homme est constitu\u00e9 par le respect de l\u2019individu et celui d\u2019autrui dans leur personne et dans leurs biens. . L\u2019article 16 du Code civil qui doit \u00eatre consid\u00e9r\u00e9 comme un principe g\u00e9n\u00e9ral du Droit dispose\u00a0: \u00ab\u00a0la loi assure la primaut\u00e9 de la personne, interdit toute &hellip; Read More &rarr;","og_url":"http:\/\/WWW.derivesdansleglisecatholique.fr\/?page_id=148","og_site_name":"D\u00e9rives dans l&#039;eglise catholique","article_modified_time":"2017-01-05T20:03:22+00:00","twitter_misc":{"Dur\u00e9e de lecture estim\u00e9e":"2 minutes"},"schema":{"@context":"https:\/\/schema.org","@graph":[{"@type":"WebPage","@id":"http:\/\/WWW.derivesdansleglisecatholique.fr\/?page_id=148","url":"http:\/\/WWW.derivesdansleglisecatholique.fr\/?page_id=148","name":"L\u00e9gislation - D\u00e9rives dans l&#039;eglise catholique","isPartOf":{"@id":"https:\/\/WWW.derivesdansleglisecatholique.fr\/#website"},"datePublished":"2016-12-23T14:52:06+00:00","dateModified":"2017-01-05T20:03:22+00:00","breadcrumb":{"@id":"http:\/\/WWW.derivesdansleglisecatholique.fr\/?page_id=148#breadcrumb"},"inLanguage":"fr-FR","potentialAction":[{"@type":"ReadAction","target":["http:\/\/WWW.derivesdansleglisecatholique.fr\/?page_id=148"]}]},{"@type":"BreadcrumbList","@id":"http:\/\/WWW.derivesdansleglisecatholique.fr\/?page_id=148#breadcrumb","itemListElement":[{"@type":"ListItem","position":1,"name":"Accueil","item":"https:\/\/WWW.derivesdansleglisecatholique.fr\/"},{"@type":"ListItem","position":2,"name":"L\u00e9gislation"}]},{"@type":"WebSite","@id":"https:\/\/WWW.derivesdansleglisecatholique.fr\/#website","url":"https:\/\/WWW.derivesdansleglisecatholique.fr\/","name":"D\u00e9rives dans l&#039;eglise catholique","description":"Justice et V\u00e9rit\u00e9 pour les familles","potentialAction":[{"@type":"SearchAction","target":{"@type":"EntryPoint","urlTemplate":"https:\/\/WWW.derivesdansleglisecatholique.fr\/?s={search_term_string}"},"query-input":{"@type":"PropertyValueSpecification","valueRequired":true,"valueName":"search_term_string"}}],"inLanguage":"fr-FR"}]}},"_links":{"self":[{"href":"http:\/\/WWW.derivesdansleglisecatholique.fr\/index.php?rest_route=\/wp\/v2\/pages\/148","targetHints":{"allow":["GET"]}}],"collection":[{"href":"http:\/\/WWW.derivesdansleglisecatholique.fr\/index.php?rest_route=\/wp\/v2\/pages"}],"about":[{"href":"http:\/\/WWW.derivesdansleglisecatholique.fr\/index.php?rest_route=\/wp\/v2\/types\/page"}],"author":[{"embeddable":true,"href":"http:\/\/WWW.derivesdansleglisecatholique.fr\/index.php?rest_route=\/wp\/v2\/users\/2"}],"replies":[{"embeddable":true,"href":"http:\/\/WWW.derivesdansleglisecatholique.fr\/index.php?rest_route=%2Fwp%2Fv2%2Fcomments&post=148"}],"version-history":[{"count":4,"href":"http:\/\/WWW.derivesdansleglisecatholique.fr\/index.php?rest_route=\/wp\/v2\/pages\/148\/revisions"}],"predecessor-version":[{"id":430,"href":"http:\/\/WWW.derivesdansleglisecatholique.fr\/index.php?rest_route=\/wp\/v2\/pages\/148\/revisions\/430"}],"wp:attachment":[{"href":"http:\/\/WWW.derivesdansleglisecatholique.fr\/index.php?rest_route=%2Fwp%2Fv2%2Fmedia&parent=148"}],"curies":[{"name":"wp","href":"https:\/\/api.w.org\/{rel}","templated":true}]}}