{"id":156,"date":"2016-12-23T16:10:59","date_gmt":"2016-12-23T15:10:59","guid":{"rendered":"http:\/\/WWW.derivesdansleglisecatholique.fr\/?page_id=156"},"modified":"2024-06-12T21:35:14","modified_gmt":"2024-06-12T20:35:14","slug":"bibliographie","status":"publish","type":"page","link":"http:\/\/WWW.derivesdansleglisecatholique.fr\/?page_id=156","title":{"rendered":"Bibliographie"},"content":{"rendered":"<p>&nbsp;<\/p>\n<p><a href=\"http:\/\/derivesdansleglisecatholique.fr\/wp-content\/uploads\/2020\/11\/Lobeissance-a-lepreuve-du-mensonge-Sr-Marie-Ancilla.pdf\" target=\"_blank\" rel=\"noopener noreferrer\"><img loading=\"lazy\" decoding=\"async\" class=\"aligncenter\" src=\"http:\/\/derivesdansleglisecatholique.fr\/wp-content\/uploads\/2020\/08\/obeissance.jpg\" alt=\"\" width=\"200\" height=\"299\" \/><\/a><\/p>\n<p style=\"text-align: center;\"><span style=\"font-family: georgia, palatino, serif; font-size: 10pt;\">L\u2019ob\u00e9issance \u00e0 l\u2019\u00e9preuve du mensonge: R\u00e9flexion sur les d\u00e9rives dans la vie <\/span><br \/>\n<span style=\"font-family: georgia, palatino, serif; font-size: 10pt;\">religieuse, 13 juin 2020<\/span><br \/>\n<span style=\"font-family: georgia, palatino, serif; font-size: 10pt;\">Broch\u00e9 12,66\u20ac<\/span><\/p>\n<p>&nbsp;<\/p>\n<div id=\"attachment_6227\" style=\"width: 810px\" class=\"wp-caption aligncenter\"><a href=\"http:\/\/WWW.derivesdansleglisecatholique.fr\/?attachment_id=6227\" rel=\"attachment wp-att-6227\"><img loading=\"lazy\" decoding=\"async\" aria-describedby=\"caption-attachment-6227\" class=\"wp-image-6227\" src=\"http:\/\/derivesdansleglisecatholique.fr\/wp-content\/uploads\/2018\/09\/Publicit\u00e9-livre-Ancilla.jpg\" alt=\"S\u0153ur Marie-Ancilla - Le Nouvel Age \u00e0 l'\u0153uvre dans l'\u00c9glise\" width=\"800\" height=\"613\" srcset=\"http:\/\/derivesdansleglisecatholique.fr\/wp-content\/uploads\/2018\/09\/Publicit\u00e9-livre-Ancilla.jpg 898w, http:\/\/derivesdansleglisecatholique.fr\/wp-content\/uploads\/2018\/09\/Publicit\u00e9-livre-Ancilla-300x230.jpg 300w, http:\/\/derivesdansleglisecatholique.fr\/wp-content\/uploads\/2018\/09\/Publicit\u00e9-livre-Ancilla-768x588.jpg 768w\" sizes=\"auto, (max-width: 800px) 100vw, 800px\" \/><\/a><p id=\"caption-attachment-6227\" class=\"wp-caption-text\">S\u0153ur Marie-Ancilla &#8211; Le Nouvel Age \u00e0 l&rsquo;\u0153uvre dans l&rsquo;\u00c9glise<\/p><\/div>\n<p><span style=\"color: #ffcc99;\">.<\/span><\/p>\n<div id=\"attachment_900\" style=\"width: 209px\" class=\"wp-caption aligncenter\"><a href=\"http:\/\/derivesdansleglisecatholique.fr\/wp-content\/uploads\/2017\/03\/Foi-et-gu\u00e9rison-rep\u00e8res-chr\u00e9tiens-soeur-Marie-Ancilla.pdf\" target=\"_blank\" rel=\"noopener noreferrer\"><img loading=\"lazy\" decoding=\"async\" aria-describedby=\"caption-attachment-900\" class=\"wp-image-900 size-medium\" src=\"http:\/\/derivesdansleglisecatholique.fr\/wp-content\/uploads\/2017\/03\/foi-et-guerison-001-199x300.jpg\" alt=\"Foi et gu\u00e9rison rep\u00e8res chr\u00e9tiens s\u0153ur Marie Ancilla\" width=\"199\" height=\"300\" \/><\/a><p id=\"caption-attachment-900\" class=\"wp-caption-text\">Foi et gu\u00e9rison rep\u00e8res chr\u00e9tiens s\u0153ur Marie Ancilla<\/p><\/div>\n<div id=\"attachment_899\" style=\"width: 220px\" class=\"wp-caption aligncenter\"><a href=\"http:\/\/derivesdansleglisecatholique.fr\/wp-content\/uploads\/2017\/03\/La-religion-du-monde-soeur-Marie-Ancilla.pdf\" target=\"_blank\" rel=\"noopener noreferrer\"><img loading=\"lazy\" decoding=\"async\" aria-describedby=\"caption-attachment-899\" class=\"wp-image-899 size-medium\" src=\"http:\/\/derivesdansleglisecatholique.fr\/wp-content\/uploads\/2017\/03\/papillon-210x300.png\" alt=\"La religion du monde s\u0153ur Marie-Ancilla\" width=\"210\" height=\"300\" srcset=\"http:\/\/derivesdansleglisecatholique.fr\/wp-content\/uploads\/2017\/03\/papillon-210x300.png 210w, http:\/\/derivesdansleglisecatholique.fr\/wp-content\/uploads\/2017\/03\/papillon.png 445w\" sizes=\"auto, (max-width: 210px) 100vw, 210px\" \/><\/a><p id=\"caption-attachment-899\" class=\"wp-caption-text\">La religion du monde s\u0153ur Marie-Ancilla<\/p><\/div>\n<p><span style=\"color: #ffcc99;\">.<\/span><\/p>\n<hr \/>\n<p><span style=\"color: #ffcc99;\">.<\/span><\/p>\n<p>&nbsp;<\/p>\n<p>&nbsp;<\/p>\n<p style=\"padding-left: 30px;\"><a href=\"http:\/\/www.ccmm.asso.fr\/\">http:\/\/www.ccmm.asso.fr\/<\/a><\/p>\n<p style=\"text-align: center;\"><span style=\"font-size: 14pt; font-family: times new roman,times,serif; color: #0000ff;\"><strong>\u00a0<\/strong><strong>Le CCMM publie : Le silence des bergers<\/strong><\/span><\/p>\n<p style=\"text-align: center;\"><span style=\"color: #ffcc99;\">.<\/span><\/p>\n<p style=\"text-align: center; padding-left: 30px;\"><span style=\"font-size: 12pt; font-family: times new roman,times,serif;\"><strong>Hypocrisie, fuite et silence\u00a0? En ouvrant les travaux de la Conf\u00e9rence des \u00c9v\u00eaques de France au printemps 2016, Mgr. Pontier, pr\u00e9sident de la conf\u00e9rence \u00e9piscopale, a assur\u00e9 que la \u00ab\u00a0\u2008priorit\u00e9\u2008\u00a0\u00bb et la \u00ab\u00a0\u2008volont\u00e9\u2008\u00a0\u00bb des \u00e9v\u00eaques \u00e9taient de \u00ab\u00a0\u2008faire la v\u00e9rit\u00e9 pour les victimes\u2008\u00a0\u00bb.<\/strong><\/span><\/p>\n<p style=\"padding-left: 30px; text-align: left;\"><span style=\"color: #ffcc99;\">.<\/span><\/p>\n<p style=\"text-align: center; padding-left: 30px;\"><span style=\"font-size: 12pt; font-family: times new roman,times,serif;\">Le Centre Contre les Manipulations Mentales attend depuis de longues ann\u00e9es que les autorit\u00e9s eccl\u00e9siales reconnaissent leurs responsabilit\u00e9s dans les ravages caus\u00e9s par le psycho-spirituel et qu\u2019enfin, elles d\u00e9cident de faire cesser les pratiques condamnables et acceptent de rendre justice aux victimes. Depuis quinze ans les familles se sont heurt\u00e9es \u00e0 des portes d\u00e9sesp\u00e9r\u00e9ment closes et \u00e0 des obstacles difficilement franchissables.\u2008Ce livre retrace leur \u00ab\u00a0\u2008parcours du combattant\u2008\u00a0\u00bb.<\/span><\/p>\n<p style=\"padding-left: 30px; text-align: left;\"><span style=\"color: #ffcc99;\">.<\/span><\/p>\n<p style=\"text-align: center; padding-left: 30px;\"><span style=\"font-size: 12pt; font-family: times new roman,times,serif;\">Je porte plainte, c\u2019est par ce cri, lanc\u00e9 en 1981 par l\u2019\u00e9crivain Roger Ikor, qu\u2019a d\u00e9but\u00e9 le combat men\u00e9 par le Centre Contre les Manipulations Mentales. Roger Ikor, personnellement frapp\u00e9 par le drame des sectes, entendait, par son livre, alerter l\u2019opinion publique sur les dangers de la manipulation mentale et des d\u00e9rives sectaires. Comme jadis ses illustres devanciers, Voltaire ou Zola, il entendait \u00e9veiller les consciences en secouant la chape de plomb de l\u2019indiff\u00e9rence, et d\u00e9noncer la complicit\u00e9 tacite et aveugle des institutions de la France devant les atteintes aux principes fondamentaux de la dignit\u00e9, de l\u2019int\u00e9grit\u00e9 et de la libert\u00e9 de tout \u00eatre humain.<\/span><\/p>\n<p style=\"padding-left: 30px; text-align: left;\"><span style=\"color: #ffcc99;\">.<\/span><\/p>\n<p style=\"text-align: center; padding-left: 30px;\"><span style=\"font-size: 12pt; font-family: times new roman,times,serif;\">Venir en aide aux victimes est une n\u00e9cessit\u00e9 et c\u2019est une urgence. L\u2019\u00c9glise comme les pouvoirs publics doivent assumer pleinement leurs responsabilit\u00e9s et ne peuvent plus feindre d\u2019ignorer les profonds d\u00e9g\u00e2ts engendr\u00e9s par des pratiques portant atteinte, depuis de longues ann\u00e9es d\u00e9j\u00e0, \u00e0 la dignit\u00e9 de la personne, au sens le plus large que l\u2019expression peut rev\u00eatir.<\/span><\/p>\n<p style=\"padding-left: 30px; text-align: left;\"><span style=\"color: #ffcc99;\">.<\/span><\/p>\n<p style=\"text-align: center; padding-left: 30px;\"><span style=\"font-size: 12pt; font-family: times new roman,times,serif;\">T\u00e9moin de longue date de la souffrance de nombre de familles de victimes de sessions dites psycho-spirituelles, le CCMM a souhait\u00e9 les regrouper au sein d\u2019un Collectif. Celui-ci s\u2019est notamment donn\u00e9 pour mission de rassembler les t\u00e9moignages. Cet ouvrage est \u00e9galement destin\u00e9 \u00e0 alerter les autorit\u00e9s politiques.<\/span><\/p>\n<p style=\"padding-left: 30px; text-align: left;\"><span style=\"color: #ffcc99;\">.<\/span><\/p>\n<p style=\"text-align: center; padding-left: 30px;\"><span style=\"font-size: 12pt; font-family: times new roman,times,serif;\">Depuis plus de trente ann\u00e9es, le CCMM m\u00e8ne une action d\u2019information, d\u2019\u00e9ducation et de mise en garde du public fond\u00e9e sur la D\u00e9claration des Droits de l\u2019Homme et du Citoyen, la Convention Internationale des droits de l\u2019Enfant, en se r\u00e9f\u00e9rant aux valeurs r\u00e9publicaines et, en particulier, au principe de la\u00efcit\u00e9. Ces principes qui inspirent l\u2019engagement du CCMM dans la lutte contre les d\u00e9rives sectaires sont inchang\u00e9s depuis sa fondation\u00a0: d\u00e9fendre la personne humaine contre toutes les formes de manipulations et d\u2019emprises mentales d\u2019o\u00f9 qu\u2019elles viennent.<\/span><\/p>\n<p style=\"padding-left: 30px; text-align: left;\"><span style=\"color: #ffcc99;\">.<\/span><\/p>\n<p style=\"text-align: center; padding-left: 30px;\"><span style=\"font-size: 12pt; font-family: times new roman,times,serif;\">Cette publication de 60 pages est disponible au CCMM au prix de 12 \u20ac. Prix\u00a0: 14 \u20ac l\u2019unit\u00e9 frais de port inclus<\/span><\/p>\n<p style=\"text-align: center; padding-left: 30px;\"><span style=\"font-size: 12pt; font-family: times new roman,times,serif;\">R\u00e8glement par ch\u00e8que \u00e0 l\u2019ordre du CCMM \u00e0 envoyer \u00e0 l\u2019adresse suivante\u00a0: CCMM \u2013 3, rue Lespagnol\u201375020 Paris &#8211;<\/span><\/p>\n<p style=\"padding-left: 30px; text-align: left;\"><span style=\"color: #ffcc99;\">.<\/span><\/p>\n<hr \/>\n<p style=\"padding-left: 30px; text-align: left;\"><span style=\"color: #ffcc99;\">.<\/span><\/p>\n<p style=\"padding-left: 30px;\"><a href=\"http:\/\/www.ccmm.asso.fr\/\">http:\/\/www.ccmm.asso.fr\/<\/a><\/p>\n<p style=\"text-align: center; padding-left: 30px;\"><span style=\"font-size: 12pt; font-family: times new roman,times,serif;\"> Prix\u00a0: 18\u20ac50 + frais de port \u00e0 ajouter\u00a0:<\/span><\/p>\n<p style=\"text-align: center; padding-left: 30px;\"><span style=\"font-size: 12pt; font-family: times new roman,times,serif;\">4\u20ac20+ 1,20 \u20ac par livre suppl\u00e9mentaire).<\/span><\/p>\n<p style=\"text-align: center; padding-left: 30px;\"><span style=\"font-size: 12pt; font-family: times new roman,times,serif;\">R\u00e8glement par ch\u00e8que \u00e0 l\u2019ordre du CCMM \u00e0 envoyer \u00e0 l\u2019adresse suivante\u00a0:\u00a0<\/span><br \/>\n<span style=\"font-size: 12pt; font-family: times new roman,times,serif;\"> CCMM \u2013 3, rue Lespagnol\u201375020 Paris &#8211;<\/span><\/p>\n<p style=\"text-align: left; padding-left: 30px;\"><span style=\"color: #ffcc99;\">.<\/span><\/p>\n<p style=\"text-align: center; padding-left: 30px;\"><span style=\"font-size: 12pt; font-family: times new roman,times,serif;\">Ce livre est un signal d\u2019alarme, un cri pour d\u00e9noncer l\u2019ampleur des d\u00e9g\u00e2ts suscit\u00e9s par les d\u00e9rives du \u00ab\u00a0psycho-spirituel\u00a0\u00bb. Cette s\u00e9lection de t\u00e9moignages, simples et \u00e9mouvants par leur sinc\u00e9rit\u00e9, donne toute la mesure de la d\u00e9tresse des victimes.<\/span><\/p>\n<p style=\"text-align: left; padding-left: 30px;\"><span style=\"color: #ffcc99;\">.<\/span><\/p>\n<p style=\"text-align: center; padding-left: 30px;\"><span style=\"font-size: 12pt; font-family: times new roman,times,serif;\">Publi\u00e9 par le Centre Contre les Manipulations Mentales ce document interpelle, sans fard, les autorit\u00e9s eccl\u00e9siales pour qu\u2019elles reconnaissent leurs responsabilit\u00e9s dans les ravages caus\u00e9s par le \u00ab\u00a0psycho-spirituel\u00a0\u00bb et qu\u2019elles mettent tout en \u0153uvre pour que cessent ces pratiques condamnables tout en acceptant de rendre justice aux victimes.<\/span><\/p>\n<p style=\"text-align: left; padding-left: 30px;\"><span style=\"color: #ffcc99;\">.<\/span><\/p>\n<p style=\"text-align: center; padding-left: 30px;\"><span style=\"font-size: 12pt; font-family: times new roman,times,serif;\">T\u00e9moin de longue date de la souffrance de nombre de familles de victimes de sessions dites psycho-spirituelles, le CCMM a souhait\u00e9 les regrouper au sein d\u2019un Collectif. Celui-ci s\u2019est notamment donn\u00e9 pour mission de rassembler les t\u00e9moignages. Cet ouvrage est \u00e9galement destin\u00e9 \u00e0 alerter les autorit\u00e9s politiques.<\/span><\/p>\n<p style=\"text-align: left; padding-left: 30px;\"><span style=\"color: #ffcc99;\">.<\/span><\/p>\n<p style=\"text-align: center; padding-left: 30px;\"><span style=\"font-size: 12pt; font-family: times new roman,times,serif;\">Cette publication de 174 pages est disponible au CCMM depuis le 3 septembre 2012 au prix de 18,50 E.<\/span><\/p>\n<p style=\"text-align: left; padding-left: 30px;\"><span style=\"color: #ffcc99;\">.<\/span><\/p>\n<p style=\"text-align: center; padding-left: 30px;\"><span style=\"font-size: 12pt; font-family: times new roman,times,serif;\">Depuis plus de trente ann\u00e9es, le CCMM m\u00e8ne une action d\u2019information, d\u2019\u00e9ducation et de mise en garde du public fond\u00e9e sur la D\u00e9claration des Droits de l\u2019Homme et du Citoyen, la Convention Internationale des droits de l\u2019Enfant, en se r\u00e9f\u00e9rant aux valeurs r\u00e9publicaines et, en particulier, au principe de la\u00efcit\u00e9. Ces principes qui inspirent l\u2019engagement du CCMM dans la lutte contre les d\u00e9rives sectaires sont inchang\u00e9s depuis sa fondation\u00a0: d\u00e9fendre la personne humaine contre toutes les formes de manipulations et d\u2019emprises mentales d\u2019o\u00f9 qu\u2019elles viennent.<\/span><\/p>\n<hr \/>\n<div id=\"attachment_517\" style=\"width: 464px\" class=\"wp-caption aligncenter\"><img loading=\"lazy\" decoding=\"async\" aria-describedby=\"caption-attachment-517\" class=\"wp-image-517\" src=\"http:\/\/derivesdansleglisecatholique.fr\/wp-content\/uploads\/2017\/01\/005-300x300.jpg\" alt=\"CHARISMATIQUES - Une \u00c9glise dans l'\u00c9glise\" width=\"454\" height=\"453\" srcset=\"http:\/\/derivesdansleglisecatholique.fr\/wp-content\/uploads\/2017\/01\/005-300x300.jpg 300w, http:\/\/derivesdansleglisecatholique.fr\/wp-content\/uploads\/2017\/01\/005-150x150.jpg 150w, http:\/\/derivesdansleglisecatholique.fr\/wp-content\/uploads\/2017\/01\/005-768x767.jpg 768w, http:\/\/derivesdansleglisecatholique.fr\/wp-content\/uploads\/2017\/01\/005-1024x1022.jpg 1024w, http:\/\/derivesdansleglisecatholique.fr\/wp-content\/uploads\/2017\/01\/005.jpg 1098w\" sizes=\"auto, (max-width: 454px) 100vw, 454px\" \/><p id=\"caption-attachment-517\" class=\"wp-caption-text\">CHARISMATIQUES &#8211; Une \u00c9glise dans l&rsquo;\u00c9glise<\/p><\/div>\n<div id=\"attachment_518\" style=\"width: 466px\" class=\"wp-caption aligncenter\"><img loading=\"lazy\" decoding=\"async\" aria-describedby=\"caption-attachment-518\" class=\"wp-image-518\" src=\"http:\/\/derivesdansleglisecatholique.fr\/wp-content\/uploads\/2017\/01\/006-300x300.jpg\" alt=\"CHARISMATIQUES - Une \u00c9glise dans l'\u00c9glise\" width=\"456\" height=\"455\" srcset=\"http:\/\/derivesdansleglisecatholique.fr\/wp-content\/uploads\/2017\/01\/006-300x300.jpg 300w, http:\/\/derivesdansleglisecatholique.fr\/wp-content\/uploads\/2017\/01\/006-150x150.jpg 150w, http:\/\/derivesdansleglisecatholique.fr\/wp-content\/uploads\/2017\/01\/006-768x767.jpg 768w, http:\/\/derivesdansleglisecatholique.fr\/wp-content\/uploads\/2017\/01\/006-1024x1022.jpg 1024w, http:\/\/derivesdansleglisecatholique.fr\/wp-content\/uploads\/2017\/01\/006.jpg 1098w\" sizes=\"auto, (max-width: 456px) 100vw, 456px\" \/><p id=\"caption-attachment-518\" class=\"wp-caption-text\">CHARISMATIQUES &#8211; Une \u00c9glise dans l&rsquo;\u00c9glise<\/p><\/div>\n<p style=\"text-align: left; padding-left: 30px;\"><span style=\"color: #ffcc99;\">.<\/span><\/p>\n<hr \/>\n<p style=\"padding-left: 30px; text-align: left;\"><span style=\"color: #ffcc99;\">.<\/span><\/p>\n<div id=\"attachment_615\" style=\"width: 417px\" class=\"wp-caption aligncenter\"><a href=\"http:\/\/fr.calameo.com\/books\/000095277a8278142ff1e\" target=\"_blank\" rel=\"noopener noreferrer\"><img loading=\"lazy\" decoding=\"async\" aria-describedby=\"caption-attachment-615\" class=\"wp-image-615\" src=\"http:\/\/derivesdansleglisecatholique.fr\/wp-content\/uploads\/2017\/01\/guerison-et-delivrances1-222x300.jpg\" alt=\"Gu\u00e9rison et d\u00e9livrance Des minist\u00e8res ?\" width=\"407\" height=\"550\" srcset=\"http:\/\/derivesdansleglisecatholique.fr\/wp-content\/uploads\/2017\/01\/guerison-et-delivrances1-222x300.jpg 222w, http:\/\/derivesdansleglisecatholique.fr\/wp-content\/uploads\/2017\/01\/guerison-et-delivrances1.jpg 536w\" sizes=\"auto, (max-width: 407px) 100vw, 407px\" \/><\/a><p id=\"caption-attachment-615\" class=\"wp-caption-text\">Gu\u00e9rison et d\u00e9livrance Des minist\u00e8res ?<\/p><\/div>\n<p>&nbsp;<\/p>\n<div id=\"attachment_614\" style=\"width: 401px\" class=\"wp-caption aligncenter\"><a href=\"http:\/\/fr.calameo.com\/books\/000095277a8278142ff1e\" target=\"_blank\" rel=\"noopener noreferrer\"><img loading=\"lazy\" decoding=\"async\" aria-describedby=\"caption-attachment-614\" class=\"wp-image-614\" src=\"http:\/\/derivesdansleglisecatholique.fr\/wp-content\/uploads\/2017\/01\/guerison-et-delivrances-205x300.jpg\" alt=\"Gu\u00e9rison et d\u00e9livrance Des minist\u00e8res ?\" width=\"391\" height=\"572\" srcset=\"http:\/\/derivesdansleglisecatholique.fr\/wp-content\/uploads\/2017\/01\/guerison-et-delivrances-205x300.jpg 205w, http:\/\/derivesdansleglisecatholique.fr\/wp-content\/uploads\/2017\/01\/guerison-et-delivrances.jpg 488w\" sizes=\"auto, (max-width: 391px) 100vw, 391px\" \/><\/a><p id=\"caption-attachment-614\" class=\"wp-caption-text\">Gu\u00e9rison et d\u00e9livrance Des minist\u00e8res ?<\/p><\/div>\n","protected":false},"excerpt":{"rendered":"<p>&nbsp; L\u2019ob\u00e9issance \u00e0 l\u2019\u00e9preuve du mensonge: R\u00e9flexion sur les d\u00e9rives dans la vie religieuse, 13 juin 2020 Broch\u00e9 12,66\u20ac &nbsp; . . . &nbsp; &nbsp; http:\/\/www.ccmm.asso.fr\/ \u00a0Le CCMM publie : Le silence des bergers . Hypocrisie, fuite et silence\u00a0? En ouvrant les travaux de la Conf\u00e9rence des \u00c9v\u00eaques de France au printemps 2016, Mgr. Pontier, <span class=\"ellipsis\">&hellip;<\/span> <span class=\"more-link-wrap\"><a href=\"http:\/\/WWW.derivesdansleglisecatholique.fr\/?page_id=156\" class=\"more-link\"><span>Read More &rarr;<\/span><\/a><\/span><\/p>\n","protected":false},"author":2,"featured_media":0,"parent":0,"menu_order":0,"comment_status":"closed","ping_status":"closed","template":"","meta":{"footnotes":""},"class_list":["post-156","page","type-page","status-publish","hentry"],"yoast_head":"<!-- This site is optimized with the Yoast SEO plugin v27.4 - https:\/\/yoast.com\/product\/yoast-seo-wordpress\/ -->\n<title>Bibliographie - D\u00e9rives dans l&#039;eglise catholique<\/title>\n<meta name=\"robots\" content=\"index, follow, max-snippet:-1, max-image-preview:large, max-video-preview:-1\" \/>\n<link rel=\"canonical\" href=\"http:\/\/WWW.derivesdansleglisecatholique.fr\/?page_id=156\" \/>\n<meta property=\"og:locale\" content=\"fr_FR\" \/>\n<meta property=\"og:type\" content=\"article\" \/>\n<meta property=\"og:title\" content=\"Bibliographie - D\u00e9rives dans l&#039;eglise catholique\" \/>\n<meta property=\"og:description\" content=\"&nbsp; L\u2019ob\u00e9issance \u00e0 l\u2019\u00e9preuve du mensonge: R\u00e9flexion sur les d\u00e9rives dans la vie religieuse, 13 juin 2020 Broch\u00e9 12,66\u20ac &nbsp; . . . &nbsp; &nbsp; http:\/\/www.ccmm.asso.fr\/ \u00a0Le CCMM publie : Le silence des bergers . Hypocrisie, fuite et silence\u00a0? En ouvrant les travaux de la Conf\u00e9rence des \u00c9v\u00eaques de France au printemps 2016, Mgr. Pontier, &hellip; Read More &rarr;\" \/>\n<meta property=\"og:url\" content=\"http:\/\/WWW.derivesdansleglisecatholique.fr\/?page_id=156\" \/>\n<meta property=\"og:site_name\" content=\"D\u00e9rives dans l&#039;eglise catholique\" \/>\n<meta property=\"article:modified_time\" content=\"2024-06-12T20:35:14+00:00\" \/>\n<meta property=\"og:image\" content=\"http:\/\/derivesdansleglisecatholique.fr\/wp-content\/uploads\/2020\/08\/obeissance.jpg\" \/>\n<meta name=\"twitter:label1\" content=\"Dur\u00e9e de lecture estim\u00e9e\" \/>\n\t<meta name=\"twitter:data1\" content=\"6 minutes\" \/>\n<script type=\"application\/ld+json\" class=\"yoast-schema-graph\">{\"@context\":\"https:\\\/\\\/schema.org\",\"@graph\":[{\"@type\":\"WebPage\",\"@id\":\"http:\\\/\\\/WWW.derivesdansleglisecatholique.fr\\\/?page_id=156\",\"url\":\"http:\\\/\\\/WWW.derivesdansleglisecatholique.fr\\\/?page_id=156\",\"name\":\"Bibliographie - D\u00e9rives dans l&#039;eglise catholique\",\"isPartOf\":{\"@id\":\"https:\\\/\\\/WWW.derivesdansleglisecatholique.fr\\\/#website\"},\"primaryImageOfPage\":{\"@id\":\"http:\\\/\\\/WWW.derivesdansleglisecatholique.fr\\\/?page_id=156#primaryimage\"},\"image\":{\"@id\":\"http:\\\/\\\/WWW.derivesdansleglisecatholique.fr\\\/?page_id=156#primaryimage\"},\"thumbnailUrl\":\"http:\\\/\\\/derivesdansleglisecatholique.fr\\\/wp-content\\\/uploads\\\/2020\\\/08\\\/obeissance.jpg\",\"datePublished\":\"2016-12-23T15:10:59+00:00\",\"dateModified\":\"2024-06-12T20:35:14+00:00\",\"breadcrumb\":{\"@id\":\"http:\\\/\\\/WWW.derivesdansleglisecatholique.fr\\\/?page_id=156#breadcrumb\"},\"inLanguage\":\"fr-FR\",\"potentialAction\":[{\"@type\":\"ReadAction\",\"target\":[\"http:\\\/\\\/WWW.derivesdansleglisecatholique.fr\\\/?page_id=156\"]}]},{\"@type\":\"ImageObject\",\"inLanguage\":\"fr-FR\",\"@id\":\"http:\\\/\\\/WWW.derivesdansleglisecatholique.fr\\\/?page_id=156#primaryimage\",\"url\":\"http:\\\/\\\/derivesdansleglisecatholique.fr\\\/wp-content\\\/uploads\\\/2020\\\/08\\\/obeissance.jpg\",\"contentUrl\":\"http:\\\/\\\/derivesdansleglisecatholique.fr\\\/wp-content\\\/uploads\\\/2020\\\/08\\\/obeissance.jpg\"},{\"@type\":\"BreadcrumbList\",\"@id\":\"http:\\\/\\\/WWW.derivesdansleglisecatholique.fr\\\/?page_id=156#breadcrumb\",\"itemListElement\":[{\"@type\":\"ListItem\",\"position\":1,\"name\":\"Accueil\",\"item\":\"https:\\\/\\\/WWW.derivesdansleglisecatholique.fr\\\/\"},{\"@type\":\"ListItem\",\"position\":2,\"name\":\"Bibliographie\"}]},{\"@type\":\"WebSite\",\"@id\":\"https:\\\/\\\/WWW.derivesdansleglisecatholique.fr\\\/#website\",\"url\":\"https:\\\/\\\/WWW.derivesdansleglisecatholique.fr\\\/\",\"name\":\"D\u00e9rives dans l&#039;eglise catholique\",\"description\":\"Justice et V\u00e9rit\u00e9 pour les familles\",\"potentialAction\":[{\"@type\":\"SearchAction\",\"target\":{\"@type\":\"EntryPoint\",\"urlTemplate\":\"https:\\\/\\\/WWW.derivesdansleglisecatholique.fr\\\/?s={search_term_string}\"},\"query-input\":{\"@type\":\"PropertyValueSpecification\",\"valueRequired\":true,\"valueName\":\"search_term_string\"}}],\"inLanguage\":\"fr-FR\"}]}<\/script>\n<!-- \/ Yoast SEO plugin. -->","yoast_head_json":{"title":"Bibliographie - D\u00e9rives dans l&#039;eglise catholique","robots":{"index":"index","follow":"follow","max-snippet":"max-snippet:-1","max-image-preview":"max-image-preview:large","max-video-preview":"max-video-preview:-1"},"canonical":"http:\/\/WWW.derivesdansleglisecatholique.fr\/?page_id=156","og_locale":"fr_FR","og_type":"article","og_title":"Bibliographie - D\u00e9rives dans l&#039;eglise catholique","og_description":"&nbsp; L\u2019ob\u00e9issance \u00e0 l\u2019\u00e9preuve du mensonge: R\u00e9flexion sur les d\u00e9rives dans la vie religieuse, 13 juin 2020 Broch\u00e9 12,66\u20ac &nbsp; . . . &nbsp; &nbsp; http:\/\/www.ccmm.asso.fr\/ \u00a0Le CCMM publie : Le silence des bergers . Hypocrisie, fuite et silence\u00a0? En ouvrant les travaux de la Conf\u00e9rence des \u00c9v\u00eaques de France au printemps 2016, Mgr. Pontier, &hellip; Read More &rarr;","og_url":"http:\/\/WWW.derivesdansleglisecatholique.fr\/?page_id=156","og_site_name":"D\u00e9rives dans l&#039;eglise catholique","article_modified_time":"2024-06-12T20:35:14+00:00","og_image":[{"url":"http:\/\/derivesdansleglisecatholique.fr\/wp-content\/uploads\/2020\/08\/obeissance.jpg","type":"","width":"","height":""}],"twitter_misc":{"Dur\u00e9e de lecture estim\u00e9e":"6 minutes"},"schema":{"@context":"https:\/\/schema.org","@graph":[{"@type":"WebPage","@id":"http:\/\/WWW.derivesdansleglisecatholique.fr\/?page_id=156","url":"http:\/\/WWW.derivesdansleglisecatholique.fr\/?page_id=156","name":"Bibliographie - D\u00e9rives dans l&#039;eglise catholique","isPartOf":{"@id":"https:\/\/WWW.derivesdansleglisecatholique.fr\/#website"},"primaryImageOfPage":{"@id":"http:\/\/WWW.derivesdansleglisecatholique.fr\/?page_id=156#primaryimage"},"image":{"@id":"http:\/\/WWW.derivesdansleglisecatholique.fr\/?page_id=156#primaryimage"},"thumbnailUrl":"http:\/\/derivesdansleglisecatholique.fr\/wp-content\/uploads\/2020\/08\/obeissance.jpg","datePublished":"2016-12-23T15:10:59+00:00","dateModified":"2024-06-12T20:35:14+00:00","breadcrumb":{"@id":"http:\/\/WWW.derivesdansleglisecatholique.fr\/?page_id=156#breadcrumb"},"inLanguage":"fr-FR","potentialAction":[{"@type":"ReadAction","target":["http:\/\/WWW.derivesdansleglisecatholique.fr\/?page_id=156"]}]},{"@type":"ImageObject","inLanguage":"fr-FR","@id":"http:\/\/WWW.derivesdansleglisecatholique.fr\/?page_id=156#primaryimage","url":"http:\/\/derivesdansleglisecatholique.fr\/wp-content\/uploads\/2020\/08\/obeissance.jpg","contentUrl":"http:\/\/derivesdansleglisecatholique.fr\/wp-content\/uploads\/2020\/08\/obeissance.jpg"},{"@type":"BreadcrumbList","@id":"http:\/\/WWW.derivesdansleglisecatholique.fr\/?page_id=156#breadcrumb","itemListElement":[{"@type":"ListItem","position":1,"name":"Accueil","item":"https:\/\/WWW.derivesdansleglisecatholique.fr\/"},{"@type":"ListItem","position":2,"name":"Bibliographie"}]},{"@type":"WebSite","@id":"https:\/\/WWW.derivesdansleglisecatholique.fr\/#website","url":"https:\/\/WWW.derivesdansleglisecatholique.fr\/","name":"D\u00e9rives dans l&#039;eglise catholique","description":"Justice et V\u00e9rit\u00e9 pour les familles","potentialAction":[{"@type":"SearchAction","target":{"@type":"EntryPoint","urlTemplate":"https:\/\/WWW.derivesdansleglisecatholique.fr\/?s={search_term_string}"},"query-input":{"@type":"PropertyValueSpecification","valueRequired":true,"valueName":"search_term_string"}}],"inLanguage":"fr-FR"}]}},"_links":{"self":[{"href":"http:\/\/WWW.derivesdansleglisecatholique.fr\/index.php?rest_route=\/wp\/v2\/pages\/156","targetHints":{"allow":["GET"]}}],"collection":[{"href":"http:\/\/WWW.derivesdansleglisecatholique.fr\/index.php?rest_route=\/wp\/v2\/pages"}],"about":[{"href":"http:\/\/WWW.derivesdansleglisecatholique.fr\/index.php?rest_route=\/wp\/v2\/types\/page"}],"author":[{"embeddable":true,"href":"http:\/\/WWW.derivesdansleglisecatholique.fr\/index.php?rest_route=\/wp\/v2\/users\/2"}],"replies":[{"embeddable":true,"href":"http:\/\/WWW.derivesdansleglisecatholique.fr\/index.php?rest_route=%2Fwp%2Fv2%2Fcomments&post=156"}],"version-history":[{"count":29,"href":"http:\/\/WWW.derivesdansleglisecatholique.fr\/index.php?rest_route=\/wp\/v2\/pages\/156\/revisions"}],"predecessor-version":[{"id":6705,"href":"http:\/\/WWW.derivesdansleglisecatholique.fr\/index.php?rest_route=\/wp\/v2\/pages\/156\/revisions\/6705"}],"wp:attachment":[{"href":"http:\/\/WWW.derivesdansleglisecatholique.fr\/index.php?rest_route=%2Fwp%2Fv2%2Fmedia&parent=156"}],"curies":[{"name":"wp","href":"https:\/\/api.w.org\/{rel}","templated":true}]}}