{"id":7,"date":"2015-08-13T09:16:01","date_gmt":"2015-08-13T08:16:01","guid":{"rendered":"http:\/\/test-install-prestashop.tk\/?page_id=7"},"modified":"2016-12-22T16:21:20","modified_gmt":"2016-12-22T15:21:20","slug":"7-2","status":"publish","type":"page","link":"http:\/\/WWW.derivesdansleglisecatholique.fr\/?page_id=7","title":{"rendered":"Mentions l\u00e9gales"},"content":{"rendered":"<div dir=\"ltr\">\n<div>\n<div class=\"crayon article-texte-12 entry-content\">\n<h2 class=\"spip\" style=\"padding-left: 30px;\"><span style=\"color: #000000;\">Propri\u00e9taire du site<\/span><\/h2>\n<p style=\"padding-left: 30px;\"><a class=\"spip_in\" style=\"href: 'http:\/\/www.lenversdudecor.org\/_Le-collectif-de-lenversdudecor-org_.html';\">derivesdansleglisecatholique.fr<\/a><\/p>\n<h2 class=\"spip\" style=\"padding-left: 30px;\"><\/h2>\n<h2 class=\"spip\" style=\"padding-left: 30px;\"><span style=\"color: #000000;\">H\u00e9bergeur<\/span><\/h2>\n<p style=\"padding-left: 30px;\"><a class=\"spip_out\" style=\"href: 'http:\/\/www.siegler-informatique.fr\/';\" rel=\"external\">LWS<\/a><\/p>\n<p>&nbsp;<\/p>\n<h2 class=\"spip\" style=\"padding-left: 30px;\"><span style=\"color: #000000;\">Liens vers ce site<\/span><\/h2>\n<p style=\"padding-left: 30px;\">Le site autorise tout site Internet ou tout autre support \u00e0 le citer ou \u00e0 mettre en place un lien hypertexte pointant vers son contenu.<\/p>\n<p style=\"padding-left: 30px;\">L\u2019autorisation de mise en place d\u2019un lien est valable pour tout support, \u00e0 l\u2019exception de ceux diffusant des informations \u00e0 caract\u00e8re pol\u00e9mique, pornographique, x\u00e9nophobe ou pouvant, dans une plus large mesure porter atteinte \u00e0 la sensibilit\u00e9 du plus grand nombre.<\/p>\n<p style=\"padding-left: 30px;\">La reprise int\u00e9grale du contenu d\u2019une page est aussi autoris\u00e9e, sous r\u00e9serve d\u2019\u00e9tablir un lien clair vers sa source. C\u2019est la <a class=\"spip_out\" style=\"href: 'http:\/\/creativecommons.org\/licenses\/by-sa\/2.0\/fr\/';\" title=\"Paternit\u00e9-Partage des Conditions Initiales \u00e0 l'Identique 2.0 France\" rel=\"external\">licence <span class=\"caps\">CC<\/span>-By-<span class=\"caps\">SA<\/span><\/a> qui s\u2019applique.<\/p>\n<p>&nbsp;<\/p>\n<h2 class=\"Style5\" style=\"text-align: left; padding-left: 30px;\" align=\"center\"><span style=\"color: #000000;\">Droits d\u2019auteurs<\/span><\/h2>\n<p style=\"padding-left: 30px;\">La reproduction, ou repr\u00e9sentation, int\u00e9grale ou partielle, des pages, des donn\u00e9es ou de tout autre \u00e9l\u00e9ment constitutif du site, par quelque proc\u00e9d\u00e9 ou support que ce soit, est interdite et constitue, sans autorisation de l\u2019\u00e9diteur, une contrefa\u00e7on.<\/p>\n<p style=\"padding-left: 30px;\">A ce titre, les droits d&rsquo;exploitation, m\u00eame partiels, de cette \u0153uvre sont d\u00e9tenus par le site derivesdanleglisecatholiques.fr.<\/p>\n<p style=\"padding-left: 30px;\">Ces droits d&rsquo;exploitation sont constitu\u00e9s notamment par les droits de reproduction, de repr\u00e9sentation et d&rsquo;adaptation de tout ce qui constitue ce site Internet : textes, clich\u00e9s photographiques, dessins, logos, sons, s\u00e9quences vid\u00e9o etc&#8230;<\/p>\n<p style=\"padding-left: 30px;\">Toute reproduction m\u00eame partielle, sur tout support actuel (documents, gravures, photographies, reprographie papier ou \u00e9lectronique, micro reproduction, albums, cartes postales, maquettes, posters, et autres proc\u00e9d\u00e9s notamment audiovisuels etc&#8230;) ou futur est strictement interdite sans accord pr\u00e9alable et express du site <a href=\"contact@derivesdansleglisecatholique.fr\">derivesdansleglisecatholique.fr<\/a>.<\/p>\n<p style=\"padding-left: 30px;\">Toute communication de toute ou partie de l&rsquo;oeuvre au public par tout proc\u00e9d\u00e9 et moyen connu et inconnu \u00e0 ce jour, notamment par voie de pr\u00e9sentation et projections publiques, diffusion par tout proc\u00e9d\u00e9, notamment num\u00e9rique, et transmission dans un lieu public ou priv\u00e9, est interdite sans accord pr\u00e9alable et express du site <a href=\"contact@derivesdansleglisecatholique.fr\">derivesdansleglisecatholique.fr<\/a><\/p>\n<p style=\"padding-left: 30px;\">Toute adaptation quelle que soit sa nature de tout ou partie de l&rsquo;oeuvre pour donner notamment forme ou ornement \u00e0 tout objet ou service est interdite sans l&rsquo;accord pr\u00e9alable et express du site <a href=\"contact@derivesdansleglisecatholique.fr\">derivesdansleglisecatholiques.fr<\/a><\/p>\n<p>&nbsp;<\/p>\n<h2 class=\"Style5\" style=\"text-align: left; padding-left: 30px;\" align=\"center\"><span style=\"color: #000000;\">Loi informatique et libert\u00e9<\/span><\/h2>\n<p style=\"padding-left: 30px;\">Les informations personnelles collect\u00e9es sur ce site sont int\u00e9gr\u00e9es aux fichiers du site derivedansleglisecatholique.fr.<\/p>\n<p style=\"padding-left: 30px;\">En vertu de la loi pr\u00e9cipit\u00e9e, vous avez le droit :<\/p>\n<ul>\n<li>de vous opposer, pour les motifs l\u00e9gitimes, \u00e0 ce que des donn\u00e9es \u00e0 caract\u00e8re personnel vous concernant fassent l\u2019objet d\u2019un traitement ;<\/li>\n<\/ul>\n<p>&nbsp;<\/p>\n<ul>\n<li>d\u2019interroger le responsable du traitement en vue d\u2019obtenir : la confirmation que des donn\u00e9es \u00e0 caract\u00e8re personnel vous concernant font ou ne font pas l\u2019objet d\u2019un fichier ; des informations relatives aux finalit\u00e9s du fichier, aux cat\u00e9gories de donn\u00e9es personnelles fich\u00e9es et aux destinataires auxquels les donn\u00e9es sont communiqu\u00e9es ; la communication, sous forme accessible, des donn\u00e9es \u00e0 caract\u00e8re personnel vous concernant ainsi que toute information disponible quant \u00e0 l\u2019origine de celle-ci ;<\/li>\n<\/ul>\n<p>&nbsp;<\/p>\n<ul>\n<li>au titre du droit de rectification, d\u2019exiger du gestionnaire du fichier que soient, selon les cas, rectifi\u00e9es, compl\u00e9t\u00e9es, mis \u00e0 jour ou effac\u00e9es les donn\u00e9es \u00e0 caract\u00e8re personnel vous concernant, qui sont inexactes, incompl\u00e8tes, \u00e9quivoques, p\u00e9rim\u00e9es, ou dont la collecte, l\u2019utilisation, la communication ou la conservation est interdite.<\/li>\n<\/ul>\n<p style=\"padding-left: 30px;\">Vous pouvez exercer ces droits en envoyant un courriel \u00e0 l\u2019adresse suivante : <a href=\"mailto:contact@derivesdansleglisecatholique.fr\">contact@derivesdansleglisecatholique.fr<\/a><\/p>\n<p style=\"padding-left: 30px;\">Toutefois, nous attirons votre attention sur le fait que certaines informations recueillies sont n\u00e9cessaires au traitement et \u00e0 la satisfaction de vos demandes ou ordres.<\/p>\n<p style=\"padding-left: 30px;\">Lors de la collecte des informations, vous \u00eates inform\u00e9 du caract\u00e8re obligatoire ou facultatif des r\u00e9ponses \u00e0 fournir, conform\u00e9ment \u00e0 l\u2019article 32 de la loi n\u00b087-17 du 6 janvier 1978.<\/p>\n<h2 class=\"Style5\" style=\"text-align: left; padding-left: 30px;\" align=\"center\"><span style=\"color: #000000;\">Avertissement<\/span><\/h2>\n<p style=\"padding-left: 30px;\">Toutes les informations figurant sur ce site sont purement indicatives.<\/p>\n<p style=\"padding-left: 30px;\">Ces informations, qui ne pr\u00e9tendent pas \u00e0 l\u2019exhaustivit\u00e9 ; ne sauraient valoir conseil, de quelque nature que ce soit.<\/p>\n<p style=\"padding-left: 30px;\">Ces informations figurant sur ce site sont susceptibles de modifications \u00e0 tout moment et sans pr\u00e9avis.<\/p>\n<h2 class=\"Style5\" style=\"text-align: left; padding-left: 30px;\" align=\"center\"><span style=\"color: #000000;\">Loi applicable<\/span><\/h2>\n<p style=\"padding-left: 30px;\">En cas de non respect de ces dispositions, les juridictions fran\u00e7aises seront les seules comp\u00e9tentes et la loi fran\u00e7aise sera express\u00e9ment la seule applicable.<\/p>\n<\/div>\n<\/div>\n<\/div>\n","protected":false},"excerpt":{"rendered":"<p>Propri\u00e9taire du site derivesdansleglisecatholique.fr H\u00e9bergeur LWS &nbsp; Liens vers ce site Le site autorise tout site Internet ou tout autre support \u00e0 le citer ou \u00e0 mettre en place un lien hypertexte pointant vers son contenu. L\u2019autorisation de mise en place d\u2019un lien est valable pour tout support, \u00e0 l\u2019exception de ceux diffusant des informations <span class=\"ellipsis\">&hellip;<\/span> <span class=\"more-link-wrap\"><a href=\"http:\/\/WWW.derivesdansleglisecatholique.fr\/?page_id=7\" class=\"more-link\"><span>Read More &rarr;<\/span><\/a><\/span><\/p>\n","protected":false},"author":1,"featured_media":0,"parent":0,"menu_order":0,"comment_status":"open","ping_status":"open","template":"","meta":{"footnotes":""},"class_list":["post-7","page","type-page","status-publish","hentry"],"yoast_head":"<!-- This site is optimized with the Yoast SEO plugin v27.4 - https:\/\/yoast.com\/product\/yoast-seo-wordpress\/ -->\n<title>Mentions l\u00e9gales - D\u00e9rives dans l&#039;eglise catholique<\/title>\n<meta name=\"robots\" content=\"index, follow, max-snippet:-1, max-image-preview:large, max-video-preview:-1\" \/>\n<link rel=\"canonical\" href=\"https:\/\/WWW.derivesdansleglisecatholique.fr\/?page_id=7\" \/>\n<meta property=\"og:locale\" content=\"fr_FR\" \/>\n<meta property=\"og:type\" content=\"article\" \/>\n<meta property=\"og:title\" content=\"Mentions l\u00e9gales - D\u00e9rives dans l&#039;eglise catholique\" \/>\n<meta property=\"og:description\" content=\"Propri\u00e9taire du site derivesdansleglisecatholique.fr H\u00e9bergeur LWS &nbsp; Liens vers ce site Le site autorise tout site Internet ou tout autre support \u00e0 le citer ou \u00e0 mettre en place un lien hypertexte pointant vers son contenu. L\u2019autorisation de mise en place d\u2019un lien est valable pour tout support, \u00e0 l\u2019exception de ceux diffusant des informations &hellip; Read More &rarr;\" \/>\n<meta property=\"og:url\" content=\"https:\/\/WWW.derivesdansleglisecatholique.fr\/?page_id=7\" \/>\n<meta property=\"og:site_name\" content=\"D\u00e9rives dans l&#039;eglise catholique\" \/>\n<meta property=\"article:modified_time\" content=\"2016-12-22T15:21:20+00:00\" \/>\n<meta name=\"twitter:label1\" content=\"Dur\u00e9e de lecture estim\u00e9e\" \/>\n\t<meta name=\"twitter:data1\" content=\"4 minutes\" \/>\n<script type=\"application\/ld+json\" class=\"yoast-schema-graph\">{\"@context\":\"https:\\\/\\\/schema.org\",\"@graph\":[{\"@type\":\"WebPage\",\"@id\":\"https:\\\/\\\/WWW.derivesdansleglisecatholique.fr\\\/?page_id=7\",\"url\":\"https:\\\/\\\/WWW.derivesdansleglisecatholique.fr\\\/?page_id=7\",\"name\":\"Mentions l\u00e9gales - D\u00e9rives dans l&#039;eglise catholique\",\"isPartOf\":{\"@id\":\"https:\\\/\\\/WWW.derivesdansleglisecatholique.fr\\\/#website\"},\"datePublished\":\"2015-08-13T08:16:01+00:00\",\"dateModified\":\"2016-12-22T15:21:20+00:00\",\"breadcrumb\":{\"@id\":\"https:\\\/\\\/WWW.derivesdansleglisecatholique.fr\\\/?page_id=7#breadcrumb\"},\"inLanguage\":\"fr-FR\",\"potentialAction\":[{\"@type\":\"ReadAction\",\"target\":[\"https:\\\/\\\/WWW.derivesdansleglisecatholique.fr\\\/?page_id=7\"]}]},{\"@type\":\"BreadcrumbList\",\"@id\":\"https:\\\/\\\/WWW.derivesdansleglisecatholique.fr\\\/?page_id=7#breadcrumb\",\"itemListElement\":[{\"@type\":\"ListItem\",\"position\":1,\"name\":\"Accueil\",\"item\":\"https:\\\/\\\/WWW.derivesdansleglisecatholique.fr\\\/\"},{\"@type\":\"ListItem\",\"position\":2,\"name\":\"Mentions l\u00e9gales\"}]},{\"@type\":\"WebSite\",\"@id\":\"https:\\\/\\\/WWW.derivesdansleglisecatholique.fr\\\/#website\",\"url\":\"https:\\\/\\\/WWW.derivesdansleglisecatholique.fr\\\/\",\"name\":\"D\u00e9rives dans l&#039;eglise catholique\",\"description\":\"Justice et V\u00e9rit\u00e9 pour les familles\",\"potentialAction\":[{\"@type\":\"SearchAction\",\"target\":{\"@type\":\"EntryPoint\",\"urlTemplate\":\"https:\\\/\\\/WWW.derivesdansleglisecatholique.fr\\\/?s={search_term_string}\"},\"query-input\":{\"@type\":\"PropertyValueSpecification\",\"valueRequired\":true,\"valueName\":\"search_term_string\"}}],\"inLanguage\":\"fr-FR\"}]}<\/script>\n<!-- \/ Yoast SEO plugin. -->","yoast_head_json":{"title":"Mentions l\u00e9gales - D\u00e9rives dans l&#039;eglise catholique","robots":{"index":"index","follow":"follow","max-snippet":"max-snippet:-1","max-image-preview":"max-image-preview:large","max-video-preview":"max-video-preview:-1"},"canonical":"https:\/\/WWW.derivesdansleglisecatholique.fr\/?page_id=7","og_locale":"fr_FR","og_type":"article","og_title":"Mentions l\u00e9gales - D\u00e9rives dans l&#039;eglise catholique","og_description":"Propri\u00e9taire du site derivesdansleglisecatholique.fr H\u00e9bergeur LWS &nbsp; Liens vers ce site Le site autorise tout site Internet ou tout autre support \u00e0 le citer ou \u00e0 mettre en place un lien hypertexte pointant vers son contenu. L\u2019autorisation de mise en place d\u2019un lien est valable pour tout support, \u00e0 l\u2019exception de ceux diffusant des informations &hellip; Read More &rarr;","og_url":"https:\/\/WWW.derivesdansleglisecatholique.fr\/?page_id=7","og_site_name":"D\u00e9rives dans l&#039;eglise catholique","article_modified_time":"2016-12-22T15:21:20+00:00","twitter_misc":{"Dur\u00e9e de lecture estim\u00e9e":"4 minutes"},"schema":{"@context":"https:\/\/schema.org","@graph":[{"@type":"WebPage","@id":"https:\/\/WWW.derivesdansleglisecatholique.fr\/?page_id=7","url":"https:\/\/WWW.derivesdansleglisecatholique.fr\/?page_id=7","name":"Mentions l\u00e9gales - D\u00e9rives dans l&#039;eglise catholique","isPartOf":{"@id":"https:\/\/WWW.derivesdansleglisecatholique.fr\/#website"},"datePublished":"2015-08-13T08:16:01+00:00","dateModified":"2016-12-22T15:21:20+00:00","breadcrumb":{"@id":"https:\/\/WWW.derivesdansleglisecatholique.fr\/?page_id=7#breadcrumb"},"inLanguage":"fr-FR","potentialAction":[{"@type":"ReadAction","target":["https:\/\/WWW.derivesdansleglisecatholique.fr\/?page_id=7"]}]},{"@type":"BreadcrumbList","@id":"https:\/\/WWW.derivesdansleglisecatholique.fr\/?page_id=7#breadcrumb","itemListElement":[{"@type":"ListItem","position":1,"name":"Accueil","item":"https:\/\/WWW.derivesdansleglisecatholique.fr\/"},{"@type":"ListItem","position":2,"name":"Mentions l\u00e9gales"}]},{"@type":"WebSite","@id":"https:\/\/WWW.derivesdansleglisecatholique.fr\/#website","url":"https:\/\/WWW.derivesdansleglisecatholique.fr\/","name":"D\u00e9rives dans l&#039;eglise catholique","description":"Justice et V\u00e9rit\u00e9 pour les familles","potentialAction":[{"@type":"SearchAction","target":{"@type":"EntryPoint","urlTemplate":"https:\/\/WWW.derivesdansleglisecatholique.fr\/?s={search_term_string}"},"query-input":{"@type":"PropertyValueSpecification","valueRequired":true,"valueName":"search_term_string"}}],"inLanguage":"fr-FR"}]}},"_links":{"self":[{"href":"http:\/\/WWW.derivesdansleglisecatholique.fr\/index.php?rest_route=\/wp\/v2\/pages\/7","targetHints":{"allow":["GET"]}}],"collection":[{"href":"http:\/\/WWW.derivesdansleglisecatholique.fr\/index.php?rest_route=\/wp\/v2\/pages"}],"about":[{"href":"http:\/\/WWW.derivesdansleglisecatholique.fr\/index.php?rest_route=\/wp\/v2\/types\/page"}],"author":[{"embeddable":true,"href":"http:\/\/WWW.derivesdansleglisecatholique.fr\/index.php?rest_route=\/wp\/v2\/users\/1"}],"replies":[{"embeddable":true,"href":"http:\/\/WWW.derivesdansleglisecatholique.fr\/index.php?rest_route=%2Fwp%2Fv2%2Fcomments&post=7"}],"version-history":[{"count":11,"href":"http:\/\/WWW.derivesdansleglisecatholique.fr\/index.php?rest_route=\/wp\/v2\/pages\/7\/revisions"}],"predecessor-version":[{"id":123,"href":"http:\/\/WWW.derivesdansleglisecatholique.fr\/index.php?rest_route=\/wp\/v2\/pages\/7\/revisions\/123"}],"wp:attachment":[{"href":"http:\/\/WWW.derivesdansleglisecatholique.fr\/index.php?rest_route=%2Fwp%2Fv2%2Fmedia&parent=7"}],"curies":[{"name":"wp","href":"https:\/\/api.w.org\/{rel}","templated":true}]}}