{"id":499,"date":"2017-01-10T16:19:44","date_gmt":"2017-01-10T15:19:44","guid":{"rendered":"http:\/\/WWW.derivesdansleglisecatholique.fr\/?page_id=499"},"modified":"2024-05-24T20:59:34","modified_gmt":"2024-05-24T19:59:34","slug":"jmj-fer-de-lance-de-liccrs-cible-jeunes","status":"publish","type":"page","link":"https:\/\/WWW.derivesdansleglisecatholique.fr\/?page_id=499","title":{"rendered":"Les JMJ : le fer de lance de l\u2019ICCRS qui cible les jeunes"},"content":{"rendered":"<p><strong>\u00a0<\/strong><\/p>\n<p><strong>\u00a0<\/strong><\/p>\n<p style=\"padding-left: 30px;\"><span style=\"font-family: times new roman,times,serif; font-size: 12pt;\">Dans la foul\u00e9e des grands discours de Jean Paul II sur \u00ab\u00a0la civilisation de l\u2019amour\u00a0\u00bb, adress\u00e9s aux jeunes cathos,\u00a0 sont apparus les JMJ. Pour les catholiques, les JMJ\u00a0: c\u2019\u00e9tait Jean Paul II. Des jeunes, qui se retrouvaient dans des rassemblements sympathiques, \u00e9motionnels qui faisaient joyeusement la une des m\u00e9dias. On retrouvait l\u00e0 des jeunes croyants ou pas, engag\u00e9s dans l\u2019Eglise ou venus \u00ab\u00a0pour voir\u00a0\u00bb, certains de mouvements classiques comme les scouts ou autres, d\u2019autres nouveaux convertis \u00e0 la \u00ab\u00a0civilisation de l\u2019amour\u00a0\u00bb via le renouveau charismatique.<\/span><\/p>\n<p style=\"padding-left: 30px;\"><span style=\"color: #ffcc99;\">.<\/span><\/p>\n<p style=\"padding-left: 30px;\"><span style=\"font-family: times new roman,times,serif; font-size: 12pt;\">Les catholiques portaient un regard bienveillant sur ces rassemblements de quelques jours,\u00a0 festifs, faits de jeunes venus du monde entiers, \u00a0auxquels participait le pape. Dans nos paroisses de vieille chr\u00e9tient\u00e9, personne n\u2019a eu l\u2019id\u00e9e de se poser la question\u00a0: qui organise ces manifestations\u00a0? Qui les g\u00e8re\u00a0? Dans quel but\u00a0? De telles questions ne venaient \u00e0 l\u2019esprit de quiconque face \u00e0 ce ph\u00e9nom\u00e8ne qui donnait \u00e0 l\u2019Eglise catholique un coup de jeunesse devant le monde entier.<\/span><\/p>\n<p style=\"padding-left: 30px;\"><span style=\"color: #ffcc99;\">.<\/span><\/p>\n<p style=\"padding-left: 30px;\"><span style=\"font-family: times new roman,times,serif; font-size: 12pt;\">La s\u00e9duction faisait son \u0153uvre de camouflage. Aujourd\u2019hui, une lettre adress\u00e9e aux responsables des prochains JMJ de Cracovie, nous engage \u00e0 aller voir derri\u00e8re la fa\u00e7ade\u00a0:<\/span><\/p>\n<p style=\"padding-left: 30px;\"><span style=\"font-family: times new roman,times,serif; font-size: 12pt;\"><a href=\"http:\/\/www.iccrs.org\/_files\/files\/EVENTS\/Letter%20to%20national%20contacts%20-%20on%20WYD-ICCRS-event%20Noel%20Chircop%20FRENCH.pdf\">LETTRE aux contacts nationaux au sujet du Festival\u00a0international de pri\u00e8re\u00a0et louange\u00a0\u00a0pour les Journ\u00e9es mondiales de la Jeunesse<\/a><\/span><\/p>\n<p style=\"padding-left: 30px;\"><span style=\"color: #ffcc99;\">.<\/span><\/p>\n<p style=\"padding-left: 30px;\"><span style=\"font-family: times new roman,times,serif; font-size: 12pt;\"><a href=\"http:\/\/www.iccrs.org\/_files\/files\/EVENTS\/Letter%20to%20national%20contacts%20-%20on%20WYD-ICCRS-event%20Noel%20Chircop%20FRENCH.pdf\">http:\/\/www.iccrs.org\/_files\/files\/EVENTS\/Letter%20to%20national%20contacts%20-%20on%20WYD-ICCRS-event%20Noel%20Chircop%20FRENCH.pdf<\/a><\/span><\/p>\n<p style=\"padding-left: 30px;\"><span style=\"color: #ffcc99;\">.<\/span><\/p>\n<p style=\"padding-left: 30px;\"><span style=\"font-family: times new roman,times,serif; font-size: 12pt;\">\u00ab\u00a0 Le 11 mai 2016 A tous les contacts nationaux du Renouveau charismatique catholique et r\u00e9seau de communaut\u00e9s.<\/span><\/p>\n<p style=\"padding-left: 30px;\"><span style=\"font-family: times new roman,times,serif; font-size: 12pt;\">En d\u00e9but d\u2019ann\u00e9e, nous avons annonc\u00e9 que l\u2019ICCRS organiserait un programme sp\u00e9cial durant les journ\u00e9es mondiales de la jeunesse de Cracovie, un festival de louange &amp; de pri\u00e8re. C\u2019est une premi\u00e8re pour l\u2019ICCRS, qui est mouvement eccl\u00e9sial, avec la pleine reconnaissance du Conseil Pontifical pour les la\u00efcs. Au cours des pr\u00e9c\u00e9dentes JMJ, les repr\u00e9sentant du RCC local du pays h\u00f4te avaient, avec beaucoup de succ\u00e8s, organis\u00e9 un \u00e9v\u00e8nement qui refl\u00e9tait notre spiritualit\u00e9 et les charismes qui nous permettaient de servir l\u2019Eglise. Cette ann\u00e9e sera plus sp\u00e9ciale. \u2026La rencontre de cette ann\u00e9e aura une envergure internationale, car ce sont LES JEUNES DE L\u2019ICCRS, qui sont les principaux organisateurs. Cet \u00e9v\u00e8nement sera consid\u00e9r\u00e9 comme un lancement&#8230;ou mieux encore, \u00ab\u00a0l\u2019Avent\u00a0\u00bb privil\u00e9gi\u00e9 des c\u00e9l\u00e9brations du jubil\u00e9 de 2017\u2026\u00a0\u00bb<\/span><\/p>\n<p style=\"padding-left: 30px;\"><span style=\"color: #ffcc99;\">.<\/span><\/p>\n<p style=\"padding-left: 30px;\"><span style=\"font-family: times new roman,times,serif; font-size: 12pt;\">On trouve sur le site<\/span><\/p>\n<p style=\"padding-left: 30px;\"><span style=\"font-family: times new roman,times,serif; font-size: 12pt;\"><a href=\"https:\/\/translate.googleusercontent.com\/translate_c?depth=1&amp;hl=fr&amp;prev=search&amp;rurl=translate.google.fr&amp;sl=en&amp;u=http:\/\/www.lomza.odnowa.org\/index.php%3Foption%3Dcom_content%26view%3Darticle%26id%3D316:the-iccrs-leadership-training-course-in-poland%26catid%3D52:aktualnosci-artykuly&amp;usg=ALkJrhj6eTiOhpfUJU2S0wcLD5H1wE4Azg\">https:\/\/translate.googleusercontent.com\/translate_c?depth=1&amp;hl=fr&amp;prev=search&amp;rurl=translate.google.fr&amp;sl=en&amp;u=http:\/\/www.lomza.odnowa.org\/index.php%3Foption%3Dcom_content%26view%3Darticle%26id%3D316:the-iccrs-leadership-training-course-in-poland%26catid%3D52:aktualnosci-artykuly&amp;usg=ALkJrhj6eTiOhpfUJU2S0wcLD5H1wE4Azg<\/a><\/span><\/p>\n<p style=\"padding-left: 30px;\"><span style=\"color: #ffcc99;\">.<\/span><\/p>\n<p style=\"padding-left: 30px;\"><span style=\"font-family: times new roman,times,serif; font-size: 12pt; color: #0000ff;\"><strong>Le cours<\/strong>\u00a0de\u00a0<strong>formation ICCRS Leadership en Pologne<\/strong><\/span><\/p>\n<p style=\"padding-left: 30px;\"><span style=\"font-family: times new roman,times,serif; font-size: 12pt; color: #0000ff;\"><strong><u>\u0141om\u017ca, 06-14 Ao\u00fbt 2016<\/u><\/strong><\/span><\/p>\n<p style=\"padding-left: 30px;\"><span style=\"color: #ffcc99;\">.<\/span><\/p>\n<p style=\"padding-left: 30px;\"><span style=\"font-family: times new roman,times,serif; font-size: 12pt;\">Le\u00a0<strong>cours<\/strong>\u00a0de\u00a0<strong>formation Leadership<\/strong>\u00a0ICCRS est une fa\u00e7on pour ICCRS pour aider \u00e0 favoriser le leadership dans le Renouveau charismatique catholique dans le monde entier.\u00a0ICCRS est heureux de collaborer avec les r\u00e9alit\u00e9s charismatiques locales afin de fournir ce programme d&rsquo;une semaine qui fera appel et l&rsquo;autonomisation des nouveaux dirigeants et ainsi renforcer et encourager les dirigeants actuels.<\/span><\/p>\n<p style=\"padding-left: 30px;\"><span style=\"color: #ffcc99;\">.<\/span><\/p>\n<p style=\"padding-left: 30px;\"><span style=\"font-family: times new roman,times,serif; font-size: 12pt;\">Le LTC comprend la messe, heure sainte et la louange charismatique et de culte sur une base quotidienne.\u00a0En outre, il y a des p\u00e9riodes de temps tout au long du programme de bourses et de d\u00e9veloppement communautaire, ainsi que des opportunit\u00e9s pour les participants de recevoir minist\u00e8re.<\/span><\/p>\n<p style=\"padding-left: 30px;\"><span style=\"color: #ffcc99;\">.<\/span><\/p>\n<p style=\"padding-left: 30px;\"><span style=\"font-family: times new roman,times,serif; font-size: 12pt;\">L&rsquo;enseignement est une composante importante du cours.\u00a0La composante de l&rsquo;enseignement couvre deux domaines fondamentaux: Fondations et Vision du Renouveau Charismatique Catholique et une aide pratique et des id\u00e9es pour le minist\u00e8re.<\/span><\/p>\n<p style=\"padding-left: 30px;\"><span style=\"color: #ffcc99;\">.<\/span><\/p>\n<p style=\"padding-left: 30px;\"><span style=\"font-family: times new roman,times,serif; font-size: 12pt;\">L&rsquo;aspect fondation \/ vision du programme comprennent l&rsquo;eccl\u00e9siologie, une compr\u00e9hension du bapt\u00eame dans le Saint-Esprit, l&rsquo;histoire et le fonctionnement du Renouveau charismatique catholique, et une th\u00e9ologie de la Mission.<\/span><\/p>\n<p style=\"padding-left: 30px;\"><span style=\"color: #ffcc99;\">.<\/span><\/p>\n<p style=\"padding-left: 30px;\"><span style=\"font-family: times new roman,times,serif; font-size: 12pt;\">Jean &#8211; Paul II \u00e0 plusieurs reprises suppli\u00e9 le Renouveau charismatique catholique de continuer \u00e0 avancer vers \u00abmaturit\u00e9 eccl\u00e9siale\u00bb. Certes , la participation au\u00a0<strong>cours<\/strong>\u00a0de\u00a0<strong>formation<\/strong>\u00a0ICCRS\u00a0<strong>leadership contribuera<\/strong>\u00a0\u00e0 renforcer le leadership du Renouveau charismatique catholique dans notre r\u00e9gion!<\/span><\/p>\n<p style=\"padding-left: 30px;\"><span style=\"color: #ffcc99;\">.<\/span><\/p>\n<p style=\"padding-left: 30px;\"><span style=\"font-family: times new roman,times,serif; font-size: 12pt; color: #0000ff;\"><strong>L&rsquo;enseignement:<\/strong><\/span><\/p>\n<p style=\"padding-left: 30px;\"><span style=\"color: #ffcc99;\">.<\/span><\/p>\n<p style=\"padding-left: 30px;\"><span style=\"font-family: times new roman,times,serif; font-size: 12pt;\"><strong>Michelle Moran (Angleterre),<\/strong>\u00a0Pr\u00e9sident de l&rsquo; ICCRS, membre fondateur de la communaut\u00e9 catholique Sion pour l&rsquo;\u00e9vang\u00e9lisation.<br \/>\n<\/span><\/p>\n<p style=\"padding-left: 30px;\"><span style=\"font-family: times new roman,times,serif; font-size: 12pt;\"><strong>James Alan Murphy<\/strong>\u00a0(USA), le directeur de la formation au leadership pour le Service International du Renouveau Charismatique Catholique (ICCRS de) \u00e0 Rome.\u00a0Il est le fondateur et pr\u00e9sident de Vera Cruz Communications.<\/span><\/p>\n<p style=\"padding-left: 30px;\"><span style=\"font-family: times new roman,times,serif; font-size: 12pt;\"><strong>Dn Christof Hemberger<\/strong>\u00a0(Allemagne), membre du Conseil de l&rsquo; ICCRS,\u00a0<em>Pr\u00e9sident du<\/em>\u00a0Sous-comit\u00e9 europ\u00e9en de l&rsquo; ICCRS (ESCI).\u00a0Christof est un travailleur social et diacre permanent.<\/span><\/p>\n<p style=\"padding-left: 30px;\"><span style=\"font-family: times new roman,times,serif; font-size: 12pt;\">Le LTC se tiendra \u00e0 Pr\u00eatres dioc\u00e9sains S\u00e9minaire de Lomza.\u00a0Adresse: Pl.\u00a0Papieza Jana Pawla II n.\u00a01, 18-400 Lomza, Pologne<\/span><\/p>\n<p style=\"padding-left: 30px;\"><span style=\"font-family: times new roman,times,serif; font-size: 12pt;\">H\u00e9bergement: chambres simples et doubles.<\/span><\/p>\n<p style=\"padding-left: 30px;\"><span style=\"font-family: times new roman,times,serif; font-size: 12pt;\"><strong>Co\u00fbt total par chambre individuelle: 240 Euro<\/strong><\/span><\/p>\n<p style=\"padding-left: 30px;\"><span style=\"font-family: times new roman,times,serif; font-size: 12pt;\"><strong>Co\u00fbt total par \u00e9tudiant en chambre double: 220 Euro<\/strong><\/span><\/p>\n<p style=\"padding-left: 30px;\">.<\/p>\n<p style=\"padding-left: 30px;\"><span style=\"font-family: times new roman,times,serif; font-size: 12pt;\">Le livre \u00ab\u00a0une \u00e9glise dans l\u2019Eglise\u00a0\u00bb\u00a0 aux \u00e9ditions Golias, d\u00e9montre comment le renouveau charismatique sous une apparence informelle, est en fait hyper structur\u00e9, hi\u00e9rarchis\u00e9 et pens\u00e9\u00a0: une OPA qui avance masqu\u00e9e et phagocyte notre Eglise. Les JMJ, de facto, sont noyaut\u00e9es depuis le d\u00e9but par l\u2019ICCRS. Les JMJ qui ciblent les jeunes sont un puissant moyen de recrutement des adeptes de la nouvelle \u00e9glise qui se met en place. Leurs \u00ab\u00a0responsables jeunes\u00a0\u00bb sont les cadres de cette nouvelle \u00e9glise, form\u00e9s par les leaderships de l\u2019ICCRS. L\u2019ICCRS vise les jeunes, car elle vise le long terme, notre g\u00e9n\u00e9ration r\u00e9sistante \u00e0 leur emprise va mourir, mais leurs leaders propageront leur nouvelle \u00e9glise\u2026<\/span><\/p>\n<p style=\"padding-left: 30px;\"><span style=\"color: #ffcc99;\">.<\/span><\/p>\n","protected":false},"excerpt":{"rendered":"<p>\u00a0 \u00a0 Dans la foul\u00e9e des grands discours de Jean Paul II sur \u00ab\u00a0la civilisation de l\u2019amour\u00a0\u00bb, adress\u00e9s aux jeunes cathos,\u00a0 sont apparus les JMJ. Pour les catholiques, les JMJ\u00a0: c\u2019\u00e9tait Jean Paul II. Des jeunes, qui se retrouvaient dans des rassemblements sympathiques, \u00e9motionnels qui faisaient joyeusement la une des m\u00e9dias. On retrouvait l\u00e0 des <span class=\"ellipsis\">&hellip;<\/span> <span class=\"more-link-wrap\"><a href=\"https:\/\/WWW.derivesdansleglisecatholique.fr\/?page_id=499\" class=\"more-link\"><span>Read More &rarr;<\/span><\/a><\/span><\/p>\n","protected":false},"author":3,"featured_media":0,"parent":0,"menu_order":0,"comment_status":"closed","ping_status":"closed","template":"","meta":{"footnotes":""},"class_list":["post-499","page","type-page","status-publish","hentry"],"yoast_head":"<!-- This site is optimized with the Yoast SEO plugin v27.4 - https:\/\/yoast.com\/product\/yoast-seo-wordpress\/ -->\n<title>Les JMJ : le fer de lance de l\u2019ICCRS qui cible les jeunes - D\u00e9rives dans l&#039;eglise catholique<\/title>\n<meta name=\"robots\" content=\"index, follow, max-snippet:-1, max-image-preview:large, max-video-preview:-1\" \/>\n<link rel=\"canonical\" href=\"http:\/\/WWW.derivesdansleglisecatholique.fr\/?page_id=499\" \/>\n<meta property=\"og:locale\" content=\"fr_FR\" \/>\n<meta property=\"og:type\" content=\"article\" \/>\n<meta property=\"og:title\" content=\"Les JMJ : le fer de lance de l\u2019ICCRS qui cible les jeunes - D\u00e9rives dans l&#039;eglise catholique\" \/>\n<meta property=\"og:description\" content=\"\u00a0 \u00a0 Dans la foul\u00e9e des grands discours de Jean Paul II sur \u00ab\u00a0la civilisation de l\u2019amour\u00a0\u00bb, adress\u00e9s aux jeunes cathos,\u00a0 sont apparus les JMJ. Pour les catholiques, les JMJ\u00a0: c\u2019\u00e9tait Jean Paul II. Des jeunes, qui se retrouvaient dans des rassemblements sympathiques, \u00e9motionnels qui faisaient joyeusement la une des m\u00e9dias. On retrouvait l\u00e0 des &hellip; Read More &rarr;\" \/>\n<meta property=\"og:url\" content=\"http:\/\/WWW.derivesdansleglisecatholique.fr\/?page_id=499\" \/>\n<meta property=\"og:site_name\" content=\"D\u00e9rives dans l&#039;eglise catholique\" \/>\n<meta property=\"article:modified_time\" content=\"2024-05-24T19:59:34+00:00\" \/>\n<meta name=\"twitter:label1\" content=\"Dur\u00e9e de lecture estim\u00e9e\" \/>\n\t<meta name=\"twitter:data1\" content=\"5 minutes\" \/>\n<script type=\"application\/ld+json\" class=\"yoast-schema-graph\">{\"@context\":\"https:\\\/\\\/schema.org\",\"@graph\":[{\"@type\":\"WebPage\",\"@id\":\"http:\\\/\\\/WWW.derivesdansleglisecatholique.fr\\\/?page_id=499\",\"url\":\"http:\\\/\\\/WWW.derivesdansleglisecatholique.fr\\\/?page_id=499\",\"name\":\"Les JMJ : le fer de lance de l\u2019ICCRS qui cible les jeunes - D\u00e9rives dans l&#039;eglise catholique\",\"isPartOf\":{\"@id\":\"https:\\\/\\\/WWW.derivesdansleglisecatholique.fr\\\/#website\"},\"datePublished\":\"2017-01-10T15:19:44+00:00\",\"dateModified\":\"2024-05-24T19:59:34+00:00\",\"breadcrumb\":{\"@id\":\"http:\\\/\\\/WWW.derivesdansleglisecatholique.fr\\\/?page_id=499#breadcrumb\"},\"inLanguage\":\"fr-FR\",\"potentialAction\":[{\"@type\":\"ReadAction\",\"target\":[\"http:\\\/\\\/WWW.derivesdansleglisecatholique.fr\\\/?page_id=499\"]}]},{\"@type\":\"BreadcrumbList\",\"@id\":\"http:\\\/\\\/WWW.derivesdansleglisecatholique.fr\\\/?page_id=499#breadcrumb\",\"itemListElement\":[{\"@type\":\"ListItem\",\"position\":1,\"name\":\"Accueil\",\"item\":\"https:\\\/\\\/WWW.derivesdansleglisecatholique.fr\\\/\"},{\"@type\":\"ListItem\",\"position\":2,\"name\":\"Les JMJ : le fer de lance de l\u2019ICCRS qui cible les jeunes\"}]},{\"@type\":\"WebSite\",\"@id\":\"https:\\\/\\\/WWW.derivesdansleglisecatholique.fr\\\/#website\",\"url\":\"https:\\\/\\\/WWW.derivesdansleglisecatholique.fr\\\/\",\"name\":\"D\u00e9rives dans l&#039;eglise catholique\",\"description\":\"Justice et V\u00e9rit\u00e9 pour les familles\",\"potentialAction\":[{\"@type\":\"SearchAction\",\"target\":{\"@type\":\"EntryPoint\",\"urlTemplate\":\"https:\\\/\\\/WWW.derivesdansleglisecatholique.fr\\\/?s={search_term_string}\"},\"query-input\":{\"@type\":\"PropertyValueSpecification\",\"valueRequired\":true,\"valueName\":\"search_term_string\"}}],\"inLanguage\":\"fr-FR\"}]}<\/script>\n<!-- \/ Yoast SEO plugin. -->","yoast_head_json":{"title":"Les JMJ : le fer de lance de l\u2019ICCRS qui cible les jeunes - D\u00e9rives dans l&#039;eglise catholique","robots":{"index":"index","follow":"follow","max-snippet":"max-snippet:-1","max-image-preview":"max-image-preview:large","max-video-preview":"max-video-preview:-1"},"canonical":"http:\/\/WWW.derivesdansleglisecatholique.fr\/?page_id=499","og_locale":"fr_FR","og_type":"article","og_title":"Les JMJ : le fer de lance de l\u2019ICCRS qui cible les jeunes - D\u00e9rives dans l&#039;eglise catholique","og_description":"\u00a0 \u00a0 Dans la foul\u00e9e des grands discours de Jean Paul II sur \u00ab\u00a0la civilisation de l\u2019amour\u00a0\u00bb, adress\u00e9s aux jeunes cathos,\u00a0 sont apparus les JMJ. Pour les catholiques, les JMJ\u00a0: c\u2019\u00e9tait Jean Paul II. Des jeunes, qui se retrouvaient dans des rassemblements sympathiques, \u00e9motionnels qui faisaient joyeusement la une des m\u00e9dias. On retrouvait l\u00e0 des &hellip; Read More &rarr;","og_url":"http:\/\/WWW.derivesdansleglisecatholique.fr\/?page_id=499","og_site_name":"D\u00e9rives dans l&#039;eglise catholique","article_modified_time":"2024-05-24T19:59:34+00:00","twitter_misc":{"Dur\u00e9e de lecture estim\u00e9e":"5 minutes"},"schema":{"@context":"https:\/\/schema.org","@graph":[{"@type":"WebPage","@id":"http:\/\/WWW.derivesdansleglisecatholique.fr\/?page_id=499","url":"http:\/\/WWW.derivesdansleglisecatholique.fr\/?page_id=499","name":"Les JMJ : le fer de lance de l\u2019ICCRS qui cible les jeunes - D\u00e9rives dans l&#039;eglise catholique","isPartOf":{"@id":"https:\/\/WWW.derivesdansleglisecatholique.fr\/#website"},"datePublished":"2017-01-10T15:19:44+00:00","dateModified":"2024-05-24T19:59:34+00:00","breadcrumb":{"@id":"http:\/\/WWW.derivesdansleglisecatholique.fr\/?page_id=499#breadcrumb"},"inLanguage":"fr-FR","potentialAction":[{"@type":"ReadAction","target":["http:\/\/WWW.derivesdansleglisecatholique.fr\/?page_id=499"]}]},{"@type":"BreadcrumbList","@id":"http:\/\/WWW.derivesdansleglisecatholique.fr\/?page_id=499#breadcrumb","itemListElement":[{"@type":"ListItem","position":1,"name":"Accueil","item":"https:\/\/WWW.derivesdansleglisecatholique.fr\/"},{"@type":"ListItem","position":2,"name":"Les JMJ : le fer de lance de l\u2019ICCRS qui cible les jeunes"}]},{"@type":"WebSite","@id":"https:\/\/WWW.derivesdansleglisecatholique.fr\/#website","url":"https:\/\/WWW.derivesdansleglisecatholique.fr\/","name":"D\u00e9rives dans l&#039;eglise catholique","description":"Justice et V\u00e9rit\u00e9 pour les familles","potentialAction":[{"@type":"SearchAction","target":{"@type":"EntryPoint","urlTemplate":"https:\/\/WWW.derivesdansleglisecatholique.fr\/?s={search_term_string}"},"query-input":{"@type":"PropertyValueSpecification","valueRequired":true,"valueName":"search_term_string"}}],"inLanguage":"fr-FR"}]}},"_links":{"self":[{"href":"https:\/\/WWW.derivesdansleglisecatholique.fr\/index.php?rest_route=\/wp\/v2\/pages\/499","targetHints":{"allow":["GET"]}}],"collection":[{"href":"https:\/\/WWW.derivesdansleglisecatholique.fr\/index.php?rest_route=\/wp\/v2\/pages"}],"about":[{"href":"https:\/\/WWW.derivesdansleglisecatholique.fr\/index.php?rest_route=\/wp\/v2\/types\/page"}],"author":[{"embeddable":true,"href":"https:\/\/WWW.derivesdansleglisecatholique.fr\/index.php?rest_route=\/wp\/v2\/users\/3"}],"replies":[{"embeddable":true,"href":"https:\/\/WWW.derivesdansleglisecatholique.fr\/index.php?rest_route=%2Fwp%2Fv2%2Fcomments&post=499"}],"version-history":[{"count":5,"href":"https:\/\/WWW.derivesdansleglisecatholique.fr\/index.php?rest_route=\/wp\/v2\/pages\/499\/revisions"}],"predecessor-version":[{"id":505,"href":"https:\/\/WWW.derivesdansleglisecatholique.fr\/index.php?rest_route=\/wp\/v2\/pages\/499\/revisions\/505"}],"wp:attachment":[{"href":"https:\/\/WWW.derivesdansleglisecatholique.fr\/index.php?rest_route=%2Fwp%2Fv2%2Fmedia&parent=499"}],"curies":[{"name":"wp","href":"https:\/\/api.w.org\/{rel}","templated":true}]}}